{"id":215,"date":"2018-05-01T10:00:50","date_gmt":"2018-05-01T10:00:50","guid":{"rendered":"http:\/\/rarathemesdemo.com\/rara-business\/?page_id=215"},"modified":"2024-04-19T15:44:41","modified_gmt":"2024-04-19T15:44:41","slug":"pages","status":"publish","type":"page","link":"https:\/\/heidemuehle-ortrand.de\/?page_id=215","title":{"rendered":"M\u00fchlentag 2023 &#8211; R\u00fcckblick"},"content":{"rendered":"\n<h2 class=\"wp-block-heading\">29. Mai 2023 &#8211; Ein R\u00fcckblick<\/h2>\n\n\n\n<p class=\"has-text-align-left\">An Pfingstmontag 2023 \u00f6ffneten wir zum ersten Mal das Areal f\u00fcr Besucher und waren \u00fcberw\u00e4ltigt von den vielen G\u00e4sten und dem gro\u00dfen Interesse an Vergangenem und Zuk\u00fcnftigem. Ein herzliches Dankesch\u00f6n allen hierzu. Mehrere Zeitzeugen unter den G\u00e4sten konnten hier einen Beitrag leisten und L\u00fccken in der Geschichte mit wertvollen Informationen f\u00fcllen, teilweise sogar mit Bildern untermauern.<\/p>\n\n\n\n<p>Ein gro\u00dfer Dank geht zudem an die vielen Helfer, ohne die dieser Tag nicht m\u00f6glich gewesen w\u00e4re!<\/p>\n\n\n<div class=\"wp-block-image\">\n<figure class=\"alignleft size-medium\"><img loading=\"lazy\" decoding=\"async\" width=\"214\" height=\"300\" src=\"https:\/\/www.muehlbier.de\/wp-content\/uploads\/2023\/04\/DGM_Plakat_DinA4-214x300.jpg\" alt=\"\" class=\"wp-image-306\" srcset=\"https:\/\/heidemuehle-ortrand.de\/wp-content\/uploads\/2023\/04\/DGM_Plakat_DinA4-214x300.jpg 214w, https:\/\/heidemuehle-ortrand.de\/wp-content\/uploads\/2023\/04\/DGM_Plakat_DinA4-730x1024.jpg 730w, https:\/\/heidemuehle-ortrand.de\/wp-content\/uploads\/2023\/04\/DGM_Plakat_DinA4-768x1078.jpg 768w, https:\/\/heidemuehle-ortrand.de\/wp-content\/uploads\/2023\/04\/DGM_Plakat_DinA4-1095x1536.jpg 1095w, https:\/\/heidemuehle-ortrand.de\/wp-content\/uploads\/2023\/04\/DGM_Plakat_DinA4-1460x2048.jpg 1460w, https:\/\/heidemuehle-ortrand.de\/wp-content\/uploads\/2023\/04\/DGM_Plakat_DinA4-43x60.jpg 43w, https:\/\/heidemuehle-ortrand.de\/wp-content\/uploads\/2023\/04\/DGM_Plakat_DinA4-scaled.jpg 1824w\" sizes=\"auto, (max-width: 214px) 100vw, 214px\" \/><\/figure>\n<\/div>\n\n\n<p>Falls Sie Interesse an unserem Musiker Thommy Fecher mit Band oder Solo haben, gelangen Sie <a rel=\"noreferrer noopener\" href=\"https:\/\/www.facebook.com\/familysound.de?locale=de_DE\" data-type=\"URL\" data-id=\"https:\/\/www.facebook.com\/familysound.de?locale=de_DE\" target=\"_blank\"><strong>HIER<\/strong><\/a> zu seinen Kontaktdaten. <\/p>\n\n\n\n<p>Den Ortrander Kultur Express k\u00f6nnen Sie \u00fcbrigens auch f\u00fcr private Fahren mieten. <a href=\"http:\/\/www.ortrander-kulturbahnhof.de\/html\/kultur-express___kultis.html\" data-type=\"URL\" data-id=\"http:\/\/www.ortrander-kulturbahnhof.de\/html\/kultur-express___kultis.html\" target=\"_blank\" rel=\"noreferrer noopener\"><strong>HIER<\/strong><\/a> erfahren Sie mehr.&nbsp;<\/p>\n\n\n\n<p>In einem Teil der ehemaligen Industrie wurde der Name KUNSTseide neu aufgegriffen. N\u00e4heres dazu finden Sie <strong><a href=\"https:\/\/heidemuehle-ortrand.de\/?page_id=223\" data-type=\"page\" data-id=\"223\">HIER.<\/a><\/strong><\/p>\n\n\n\n<p><\/p>\n","protected":false},"excerpt":{"rendered":"<p>29. Mai 2023 &#8211; Ein R\u00fcckblick An Pfingstmontag 2023 \u00f6ffneten wir zum ersten Mal das Areal f\u00fcr Besucher und waren \u00fcberw\u00e4ltigt von den vielen G\u00e4sten und dem gro\u00dfen Interesse an Vergangenem und Zuk\u00fcnftigem. Ein herzliches Dankesch\u00f6n allen hierzu. Mehrere Zeitzeugen unter den G\u00e4sten konnten hier einen Beitrag leisten und L\u00fccken in der Geschichte mit wertvollen &hellip; <\/p>\n","protected":false},"author":1,"featured_media":0,"parent":0,"menu_order":0,"comment_status":"closed","ping_status":"closed","template":"","meta":{"footnotes":""},"class_list":["post-215","page","type-page","status-publish","hentry"],"_links":{"self":[{"href":"https:\/\/heidemuehle-ortrand.de\/index.php?rest_route=\/wp\/v2\/pages\/215","targetHints":{"allow":["GET"]}}],"collection":[{"href":"https:\/\/heidemuehle-ortrand.de\/index.php?rest_route=\/wp\/v2\/pages"}],"about":[{"href":"https:\/\/heidemuehle-ortrand.de\/index.php?rest_route=\/wp\/v2\/types\/page"}],"author":[{"embeddable":true,"href":"https:\/\/heidemuehle-ortrand.de\/index.php?rest_route=\/wp\/v2\/users\/1"}],"replies":[{"embeddable":true,"href":"https:\/\/heidemuehle-ortrand.de\/index.php?rest_route=%2Fwp%2Fv2%2Fcomments&post=215"}],"version-history":[{"count":11,"href":"https:\/\/heidemuehle-ortrand.de\/index.php?rest_route=\/wp\/v2\/pages\/215\/revisions"}],"predecessor-version":[{"id":407,"href":"https:\/\/heidemuehle-ortrand.de\/index.php?rest_route=\/wp\/v2\/pages\/215\/revisions\/407"}],"wp:attachment":[{"href":"https:\/\/heidemuehle-ortrand.de\/index.php?rest_route=%2Fwp%2Fv2%2Fmedia&parent=215"}],"curies":[{"name":"wp","href":"https:\/\/api.w.org\/{rel}","templated":true}]}}